{"id":540,"date":"2025-05-14T09:15:24","date_gmt":"2025-05-14T09:15:24","guid":{"rendered":"http:\/\/www.teatterineliapila.fi\/?page_id=540"},"modified":"2026-03-24T10:07:48","modified_gmt":"2026-03-24T10:07:48","slug":"me-neliapilalaiset","status":"publish","type":"page","link":"https:\/\/www.teatterineliapila.fi\/index.php\/me-neliapilalaiset\/","title":{"rendered":"Me neliapilalaiset"},"content":{"rendered":"\n<h2 class=\"wp-block-heading\" style=\"margin-top:0;margin-bottom:var(--wp--preset--spacing--40);padding-top:0;padding-bottom:0\">Me neliapilalaiset<\/h2>\n\n\n\n<div class=\"wp-block-group has-global-padding is-layout-constrained wp-container-core-group-is-layout-26da1475 wp-block-group-is-layout-constrained\" style=\"margin-top:0;margin-bottom:var(--wp--preset--spacing--30);padding-top:0;padding-bottom:0\">\n<div class=\"wp-block-columns alignwide has-border-color has-background is-layout-flex wp-container-core-columns-is-layout-e3868dff wp-block-columns-is-layout-flex\" style=\"border-color:#12121212;border-width:1px;border-radius:10px;background:linear-gradient(180deg,rgb(255,255,255) 22%,rgba(248,255,237,0.84) 100%);padding-top:var(--wp--preset--spacing--30);padding-right:var(--wp--preset--spacing--40);padding-bottom:var(--wp--preset--spacing--30);padding-left:var(--wp--preset--spacing--40)\">\n<div class=\"wp-block-column is-vertically-aligned-top is-layout-flow wp-container-core-column-is-layout-a294c929 wp-block-column-is-layout-flow\" style=\"padding-top:0;padding-right:0;padding-bottom:0;padding-left:0;flex-basis:400px\">\n<figure class=\"wp-block-image size-full is-resized has-custom-border\"><img loading=\"lazy\" decoding=\"async\" width=\"309\" height=\"333\" src=\"http:\/\/www.teatterineliapila.fi\/wp-content\/uploads\/2025\/05\/erkkiuusi.jpg\" alt=\"\" class=\"wp-image-542\" style=\"border-radius:10px;object-fit:cover;width:350px;height:350px\" srcset=\"https:\/\/www.teatterineliapila.fi\/wp-content\/uploads\/2025\/05\/erkkiuusi.jpg 309w, https:\/\/www.teatterineliapila.fi\/wp-content\/uploads\/2025\/05\/erkkiuusi-278x300.jpg 278w\" sizes=\"auto, (max-width: 309px) 100vw, 309px\" \/><\/figure>\n<\/div>\n\n\n\n<div class=\"wp-block-column is-vertically-aligned-center is-layout-flow wp-block-column-is-layout-flow\" style=\"border-style:none;border-width:0px\">\n<p>Olen Teatteri Neliapilan perustajaj\u00e4sen Erkki Suvanto. Neliapila perustettiin vuonna 1991.<br>Neliapilan ensimm\u00e4inen n\u00e4ytelm\u00e4 oli Teuvo Pakkalan Tukkijoki. K\u00e4vimme esitt\u00e4m\u00e4ss\u00e4 n\u00e4ytelm\u00e4\u00e4&nbsp;mm. Australiassa, suomalaisten vieraana. Tukkijoki-n\u00e4ytelm\u00e4ss\u00e4 olin Tolarin roolissa.<br>Kaikkiaan olen esiintynyt Teatteri Neliapilassa 15 n\u00e4ytelm\u00e4ss\u00e4. Suurimpia rooleja on ollut n\u00e4ytelmiss\u00e4 Tervaporvarin Piiput, Kahdet&nbsp;Tanssiaiset, Evakkon\u00e4ytelm\u00e4 \u201dVieraasmaailmas\u201d ja&nbsp;Laulun\u00e4ytelm\u00e4 Talkootanssit. Aikaisemin olen toiminut K\u00e4rs\u00e4m\u00e4en Nuorisoseurassa, puheenjohtajana, kansantanhuissa ja n\u00e4ytelmiss\u00e4. Toimin my\u00f6s Pohjois-Pohjanmaan&nbsp;Nuorisoseurojen liitossa muutamia kuukausia tanhu- ja seuratoimintaohjaajana. Nuorisoseuratoiminnan lis\u00e4ksi olen toiminut kotiseututy\u00f6ss\u00e4 mm. Oulujoki-Seura&nbsp;ry:n puheenjohtajana ja kunnallispolitiikassa Oulussa yli 30 vuotta.&nbsp;Teatteriharrastus on luonut ilmaisutaitoa ja kehitt\u00e4nyt yhteis\u00f6llisyytt\u00e4.<br>Ansiomerkit: Suomen Harrastajateatteriliitto, Kultainen ansiomerkki, Suomen Kotiseutuliitto Kultainen ansiomerkki, Suomen Nuorisoseurat Kultainen ansiomerkki, Maakunta Hermanni ja&nbsp;Oulujoki-Seura ry. Tervaneuvoksen arvo.<\/p>\n<\/div>\n<\/div>\n<\/div>\n\n\n\n<h2 class=\"wp-block-heading\" style=\"margin-top:var(--wp--preset--spacing--40);margin-bottom:var(--wp--preset--spacing--40)\">Toripolliisin aikaan -n\u00e4yttelij\u00e4t v. 2026<\/h2>\n\n\n\n<div class=\"wp-block-group has-global-padding is-layout-constrained wp-container-core-group-is-layout-26da1475 wp-block-group-is-layout-constrained\" style=\"margin-top:0;margin-bottom:var(--wp--preset--spacing--30);padding-top:0;padding-bottom:0\">\n<div class=\"wp-block-columns alignwide has-border-color has-background is-layout-flex wp-container-core-columns-is-layout-e3868dff wp-block-columns-is-layout-flex\" style=\"border-color:#12121212;border-width:1px;border-radius:10px;background:linear-gradient(180deg,rgb(255,255,255) 22%,rgba(248,255,237,0.84) 100%);padding-top:var(--wp--preset--spacing--30);padding-right:var(--wp--preset--spacing--40);padding-bottom:var(--wp--preset--spacing--30);padding-left:var(--wp--preset--spacing--40)\">\n<div class=\"wp-block-column is-vertically-aligned-top is-layout-flow wp-container-core-column-is-layout-a294c929 wp-block-column-is-layout-flow\" style=\"padding-top:0;padding-right:0;padding-bottom:0;padding-left:0;flex-basis:400px\">\n<figure class=\"wp-block-image size-full is-resized has-custom-border\"><img loading=\"lazy\" decoding=\"async\" width=\"336\" height=\"448\" src=\"http:\/\/www.teatterineliapila.fi\/wp-content\/uploads\/2025\/05\/20250225-171340.jpg\" alt=\"\" class=\"wp-image-759\" style=\"border-radius:10px;object-fit:cover;width:350px;height:350px\" srcset=\"https:\/\/www.teatterineliapila.fi\/wp-content\/uploads\/2025\/05\/20250225-171340.jpg 336w, https:\/\/www.teatterineliapila.fi\/wp-content\/uploads\/2025\/05\/20250225-171340-225x300.jpg 225w\" sizes=\"auto, (max-width: 336px) 100vw, 336px\" \/><\/figure>\n<\/div>\n\n\n\n<div class=\"wp-block-column is-vertically-aligned-center is-layout-flow wp-block-column-is-layout-flow\" style=\"border-style:none;border-width:0px\">\n<p>\u200bOlen Hannu Heikkinen. Olen t\u00e4t\u00e4 nyky\u00e4 Neliapilan hallituksen puheenjohtaja. Harrastajateatteritoiminnassa&nbsp;olen ollut&nbsp;mukana viitisentoista vuotta. N\u00e4ist\u00e4 vuosista l\u00e4hes kolme Neliapilassa. Kuten kuvasta n\u00e4kyy, en ole en\u00e4\u00e4 nuorisoa. Mieli vain ei taivu viel\u00e4 vanhaksi. Olen ollut onnekas, kun olen saanut n\u00e4ytell\u00e4 rooleja&nbsp;aina 3-vuotiaasta pojasta vanhaan herrasmieheen asti. Itselleni muistorikkaimmat&nbsp;roolit ovat olleet p\u00e4\u00e4osat Luulosairaassa, Ulvovassa myll\u00e4riss\u00e4 ja Ihmisellisess\u00e4&nbsp;miehess\u00e4. Tietenk\u00e4\u00e4n en voi unohtaa viimekes\u00e4ist\u00e4 asessoria naishuolineen. Mottoni on: asialliset hommat hoidetaan, muuten ollaan kuin&nbsp;Ellun kanat.<\/p>\n<\/div>\n<\/div>\n<\/div>\n\n\n\n<div class=\"wp-block-group has-global-padding is-layout-constrained wp-container-core-group-is-layout-26da1475 wp-block-group-is-layout-constrained\" style=\"margin-top:0;margin-bottom:var(--wp--preset--spacing--30);padding-top:0;padding-bottom:0\">\n<div class=\"wp-block-columns alignwide has-border-color has-background is-layout-flex wp-container-core-columns-is-layout-e3868dff wp-block-columns-is-layout-flex\" style=\"border-color:#12121212;border-width:1px;border-radius:10px;background:linear-gradient(180deg,rgb(255,255,255) 22%,rgba(248,255,237,0.84) 100%);padding-top:var(--wp--preset--spacing--30);padding-right:var(--wp--preset--spacing--40);padding-bottom:var(--wp--preset--spacing--30);padding-left:var(--wp--preset--spacing--40)\">\n<div class=\"wp-block-column is-vertically-aligned-top is-layout-flow wp-container-core-column-is-layout-a294c929 wp-block-column-is-layout-flow\" style=\"padding-top:0;padding-right:0;padding-bottom:0;padding-left:0;flex-basis:400px\">\n<figure class=\"wp-block-image size-full is-resized has-custom-border\"><img loading=\"lazy\" decoding=\"async\" width=\"341\" height=\"385\" src=\"http:\/\/www.teatterineliapila.fi\/wp-content\/uploads\/2025\/05\/img-0126.jpg\" alt=\"\" class=\"wp-image-870\" style=\"border-radius:10px;object-fit:cover;width:350px;height:350px\" srcset=\"https:\/\/www.teatterineliapila.fi\/wp-content\/uploads\/2025\/05\/img-0126.jpg 341w, https:\/\/www.teatterineliapila.fi\/wp-content\/uploads\/2025\/05\/img-0126-266x300.jpg 266w\" sizes=\"auto, (max-width: 341px) 100vw, 341px\" \/><\/figure>\n<\/div>\n\n\n\n<div class=\"wp-block-column is-vertically-aligned-center is-layout-flow wp-block-column-is-layout-flow\" style=\"border-style:none;border-width:0px\">\n<p>Olen Liisa Anttonen. Teatteriharrastus on vienyt menness\u00e4\u00e4n ja t\u00e4ll\u00e4 hetkell\u00e4 olen sek\u00e4 improvisaatioryhm\u00e4ss\u00e4 ett\u00e4 nyt ensimm\u00e4ist\u00e4 kertaa Neliapilan riveiss\u00e4 n\u00e4yttelij\u00e4n\u00e4. On ihana seurata miten teksti alkaa el\u00e4m\u00e4\u00e4n ja roolihahmot saavat lihaa luiden p\u00e4\u00e4lle. Neliapilassa on ollut ihana tunnelma treeneiss\u00e4 ja mahtava tutustua koko ty\u00f6ryhm\u00e4\u00e4n. Olen utelias ja haluan oppia koko ajan uutta. T\u00e4m\u00e4 on mahtavaa vastapainoa toimistoty\u00f6lle.<\/p>\n<\/div>\n<\/div>\n<\/div>\n\n\n\n<div class=\"wp-block-group has-global-padding is-layout-constrained wp-container-core-group-is-layout-26da1475 wp-block-group-is-layout-constrained\" style=\"margin-top:0;margin-bottom:var(--wp--preset--spacing--30);padding-top:0;padding-bottom:0\">\n<div class=\"wp-block-columns alignwide has-border-color has-background is-layout-flex wp-container-core-columns-is-layout-e3868dff wp-block-columns-is-layout-flex\" style=\"border-color:#12121212;border-width:1px;border-radius:10px;background:linear-gradient(180deg,rgb(255,255,255) 22%,rgba(248,255,237,0.84) 100%);padding-top:var(--wp--preset--spacing--30);padding-right:var(--wp--preset--spacing--40);padding-bottom:var(--wp--preset--spacing--30);padding-left:var(--wp--preset--spacing--40)\">\n<div class=\"wp-block-column is-vertically-aligned-top is-layout-flow wp-container-core-column-is-layout-a294c929 wp-block-column-is-layout-flow\" style=\"padding-top:0;padding-right:0;padding-bottom:0;padding-left:0;flex-basis:400px\">\n<figure class=\"wp-block-image size-full is-resized has-custom-border\"><img loading=\"lazy\" decoding=\"async\" width=\"350\" height=\"622\" src=\"http:\/\/www.teatterineliapila.fi\/wp-content\/uploads\/2025\/05\/whatsapp-image-2025-03-02-at-14-10-30.jpeg\" alt=\"\" class=\"wp-image-875\" style=\"border-radius:10px;object-fit:cover;width:350px;height:350px\" srcset=\"https:\/\/www.teatterineliapila.fi\/wp-content\/uploads\/2025\/05\/whatsapp-image-2025-03-02-at-14-10-30.jpeg 350w, https:\/\/www.teatterineliapila.fi\/wp-content\/uploads\/2025\/05\/whatsapp-image-2025-03-02-at-14-10-30-169x300.jpeg 169w\" sizes=\"auto, (max-width: 350px) 100vw, 350px\" \/><\/figure>\n<\/div>\n\n\n\n<div class=\"wp-block-column is-vertically-aligned-center is-layout-flow wp-block-column-is-layout-flow\" style=\"border-style:none;border-width:0px\">\n<p>\u200bMoi! Oon Alisa Mantere! Tulin Teatteri Neliapilan toimintaan mukaan 2023 syksyll\u00e4. Teatteri on ollut mulle jo tosi pitk\u00e4\u00e4n t\u00e4rke\u00e4 asia ja on aina mukava k\u00e4yd\u00e4 kattomassa erilaisia esityksi\u00e4 ja upeita n\u00e4yttelij\u00e4suorituksia. Teatterissa ehdottomasti parasta on heitt\u00e4ytyminen ja meid\u00e4n mahtava teatteriporukka. Teatterin ohessa harrastan pianon soittoa, laulamista ja urheilua. Tykk\u00e4\u00e4n my\u00f6s viett\u00e4\u00e4 paljon aikaa mun yst\u00e4vien ja perheen kanssa. Oon lukiossa joten vapaa-ajalla tullee tehty\u00e4 my\u00f6s aika paljon kouluhommia.<\/p>\n<\/div>\n<\/div>\n<\/div>\n\n\n\n<div class=\"wp-block-group has-global-padding is-layout-constrained wp-container-core-group-is-layout-26da1475 wp-block-group-is-layout-constrained\" style=\"margin-top:0;margin-bottom:var(--wp--preset--spacing--30);padding-top:0;padding-bottom:0\">\n<div class=\"wp-block-columns alignwide has-border-color has-background is-layout-flex wp-container-core-columns-is-layout-e3868dff wp-block-columns-is-layout-flex\" style=\"border-color:#12121212;border-width:1px;border-radius:10px;background:linear-gradient(180deg,rgb(255,255,255) 22%,rgba(248,255,237,0.84) 100%);padding-top:var(--wp--preset--spacing--30);padding-right:var(--wp--preset--spacing--40);padding-bottom:var(--wp--preset--spacing--30);padding-left:var(--wp--preset--spacing--40)\">\n<div class=\"wp-block-column is-vertically-aligned-top is-layout-flow wp-container-core-column-is-layout-a294c929 wp-block-column-is-layout-flow\" style=\"padding-top:0;padding-right:0;padding-bottom:0;padding-left:0;flex-basis:400px\">\n<figure class=\"wp-block-image size-full is-resized has-custom-border\"><img loading=\"lazy\" decoding=\"async\" width=\"941\" height=\"1302\" src=\"https:\/\/www.teatterineliapila.fi\/wp-content\/uploads\/2025\/12\/Iitajpeg.jpeg\" alt=\"\" class=\"wp-image-1063\" style=\"border-radius:10px;object-fit:cover;width:350px;height:500px\" srcset=\"https:\/\/www.teatterineliapila.fi\/wp-content\/uploads\/2025\/12\/Iitajpeg.jpeg 941w, https:\/\/www.teatterineliapila.fi\/wp-content\/uploads\/2025\/12\/Iitajpeg-217x300.jpeg 217w, https:\/\/www.teatterineliapila.fi\/wp-content\/uploads\/2025\/12\/Iitajpeg-740x1024.jpeg 740w, https:\/\/www.teatterineliapila.fi\/wp-content\/uploads\/2025\/12\/Iitajpeg-768x1063.jpeg 768w\" sizes=\"auto, (max-width: 941px) 100vw, 941px\" \/><\/figure>\n<\/div>\n\n\n\n<div class=\"wp-block-column is-vertically-aligned-center is-layout-flow wp-block-column-is-layout-flow\" style=\"border-style:none;border-width:0px\">\n<p>Moikka! Oon Iita Santavuori, vastik\u00e4\u00e4n oululaistunut lukiolainen. Mulla on ik\u00e4isekseni aika paljon kokemusta n\u00e4yttelemisest\u00e4 erilaisissa teattereissa ja projekteissa. Neliapilan toiminnassa olen mukana jo toista vuotta. Teatterissa mulle t\u00e4rkeint\u00e4 on ihmiset: niin rakas ty\u00f6ryhm\u00e4, kuin my\u00f6s ihanat yleis\u00f6t. Suurin haaveeni on viel\u00e4 joskus tehd\u00e4 teatteria ty\u00f6kseni.<\/p>\n<\/div>\n<\/div>\n<\/div>\n\n\n\n<div class=\"wp-block-group has-global-padding is-layout-constrained wp-container-core-group-is-layout-26da1475 wp-block-group-is-layout-constrained\" style=\"margin-top:0;margin-bottom:var(--wp--preset--spacing--30);padding-top:0;padding-bottom:0\">\n<div class=\"wp-block-columns alignwide has-border-color has-background is-layout-flex wp-container-core-columns-is-layout-e3868dff wp-block-columns-is-layout-flex\" style=\"border-color:#12121212;border-width:1px;border-radius:10px;background:linear-gradient(180deg,rgb(255,255,255) 22%,rgba(248,255,237,0.84) 100%);padding-top:var(--wp--preset--spacing--30);padding-right:var(--wp--preset--spacing--40);padding-bottom:var(--wp--preset--spacing--30);padding-left:var(--wp--preset--spacing--40)\">\n<div class=\"wp-block-column is-vertically-aligned-top is-layout-flow wp-container-core-column-is-layout-a294c929 wp-block-column-is-layout-flow\" style=\"padding-top:0;padding-right:0;padding-bottom:0;padding-left:0;flex-basis:400px\">\n<figure class=\"wp-block-image size-full is-resized has-custom-border\"><img loading=\"lazy\" decoding=\"async\" width=\"322\" height=\"414\" src=\"http:\/\/www.teatterineliapila.fi\/wp-content\/uploads\/2025\/05\/1000051317.jpg\" alt=\"\" class=\"wp-image-949\" style=\"border-radius:10px;object-fit:cover;width:350px;height:350px\" srcset=\"https:\/\/www.teatterineliapila.fi\/wp-content\/uploads\/2025\/05\/1000051317.jpg 322w, https:\/\/www.teatterineliapila.fi\/wp-content\/uploads\/2025\/05\/1000051317-233x300.jpg 233w\" sizes=\"auto, (max-width: 322px) 100vw, 322px\" \/><\/figure>\n<\/div>\n\n\n\n<div class=\"wp-block-column is-vertically-aligned-center is-layout-flow wp-block-column-is-layout-flow\" style=\"border-style:none;border-width:0px\">\n<p>Olen Minna Lehtomaa ja mukana Neliapilan riveiss\u00e4 toista kautta. N\u00e4ytteleminen on minulle hauskaa, haastavaa ja itsens\u00e4 ylitt\u00e4mist\u00e4. Ihanaa aikuisten leikki\u00e4. Parasta on yhdess\u00e4 jonkin uuden luominen kokonaiseksi esitykseksi ja yhteiset hauskat hetket hyv\u00e4ss\u00e4 seurassa.<\/p>\n<\/div>\n<\/div>\n<\/div>\n\n\n\n<div class=\"wp-block-group has-global-padding is-layout-constrained wp-container-core-group-is-layout-26da1475 wp-block-group-is-layout-constrained\" style=\"margin-top:0;margin-bottom:var(--wp--preset--spacing--30);padding-top:0;padding-bottom:0\">\n<div class=\"wp-block-columns alignwide has-border-color has-background is-layout-flex wp-container-core-columns-is-layout-e3868dff wp-block-columns-is-layout-flex\" style=\"border-color:#12121212;border-width:1px;border-radius:10px;background:linear-gradient(180deg,rgb(255,255,255) 22%,rgba(248,255,237,0.84) 100%);padding-top:var(--wp--preset--spacing--30);padding-right:var(--wp--preset--spacing--40);padding-bottom:var(--wp--preset--spacing--30);padding-left:var(--wp--preset--spacing--40)\">\n<div class=\"wp-block-column is-vertically-aligned-top is-layout-flow wp-container-core-column-is-layout-a294c929 wp-block-column-is-layout-flow\" style=\"padding-top:0;padding-right:0;padding-bottom:0;padding-left:0;flex-basis:400px\">\n<figure class=\"wp-block-image size-full is-resized has-custom-border\"><img loading=\"lazy\" decoding=\"async\" width=\"318\" height=\"424\" src=\"http:\/\/www.teatterineliapila.fi\/wp-content\/uploads\/2025\/05\/image1.jpeg\" alt=\"\" class=\"wp-image-955\" style=\"border-radius:10px;object-fit:cover;width:350px;height:350px\" srcset=\"https:\/\/www.teatterineliapila.fi\/wp-content\/uploads\/2025\/05\/image1.jpeg 318w, https:\/\/www.teatterineliapila.fi\/wp-content\/uploads\/2025\/05\/image1-225x300.jpeg 225w\" sizes=\"auto, (max-width: 318px) 100vw, 318px\" \/><\/figure>\n<\/div>\n\n\n\n<div class=\"wp-block-column is-vertically-aligned-center is-layout-flow wp-block-column-is-layout-flow\" style=\"border-style:none;border-width:0px\">\n<p>Olen oululainen Tarja Pietarila ja jo pikkutytt\u00f6n\u00e4 haaveilin n\u00e4yttelemisest\u00e4! Ihka uutena Teatteri Neliapilan kuiskaajana Sortin sakin n\u00e4ytelm\u00e4ss\u00e4 olen innoissani p\u00e4\u00e4stess\u00e4ni mukaan teatteriproduktioon ja mukavaan innokkaaseen joukkoon. Koulun n\u00e4ytelm\u00e4t ovat ensimm\u00e4iset kosketukset n\u00e4yttelemiseen, mutta el\u00e4m\u00e4 vei ihan muihin t\u00f6ihin vuosikymmeniksi, my\u00f6s muihin harrastuksiin mm. tanssin ja kiinalaisen taijin ja qigongin maailmaan, lasten harrastuksiin osallistumiseen ja pelikenttien laidalla kannustamiseen. Nyt on aikaa my\u00f6s itselle ja uusille harrastuksille, kun ty\u00f6el\u00e4m\u00e4 on j\u00e4\u00e4nyt taakse. N\u00e4hd\u00e4\u00e4n Hupisaarilla kes\u00e4ll\u00e4 2026.<\/p>\n<\/div>\n<\/div>\n<\/div>\n\n\n\n<div class=\"wp-block-group has-global-padding is-layout-constrained wp-container-core-group-is-layout-26da1475 wp-block-group-is-layout-constrained\" style=\"margin-top:0;margin-bottom:var(--wp--preset--spacing--30);padding-top:0;padding-bottom:0\">\n<div class=\"wp-block-columns alignwide has-border-color has-background is-layout-flex wp-container-core-columns-is-layout-e3868dff wp-block-columns-is-layout-flex\" style=\"border-color:#12121212;border-width:1px;border-radius:10px;background:linear-gradient(180deg,rgb(255,255,255) 22%,rgba(248,255,237,0.84) 100%);padding-top:var(--wp--preset--spacing--30);padding-right:var(--wp--preset--spacing--40);padding-bottom:var(--wp--preset--spacing--30);padding-left:var(--wp--preset--spacing--40)\">\n<div class=\"wp-block-column is-vertically-aligned-top is-layout-flow wp-container-core-column-is-layout-a294c929 wp-block-column-is-layout-flow\" style=\"padding-top:0;padding-right:0;padding-bottom:0;padding-left:0;flex-basis:400px\">\n<figure class=\"wp-block-image size-full is-resized has-custom-border\"><img loading=\"lazy\" decoding=\"async\" width=\"330\" height=\"440\" src=\"http:\/\/www.teatterineliapila.fi\/wp-content\/uploads\/2025\/05\/whatsapp-image-2025-03-02-at-22-39-32.jpeg\" alt=\"\" class=\"wp-image-956\" style=\"border-radius:10px;object-fit:cover;width:350px;height:350px\" srcset=\"https:\/\/www.teatterineliapila.fi\/wp-content\/uploads\/2025\/05\/whatsapp-image-2025-03-02-at-22-39-32.jpeg 330w, https:\/\/www.teatterineliapila.fi\/wp-content\/uploads\/2025\/05\/whatsapp-image-2025-03-02-at-22-39-32-225x300.jpeg 225w\" sizes=\"auto, (max-width: 330px) 100vw, 330px\" \/><\/figure>\n<\/div>\n\n\n\n<div class=\"wp-block-column is-vertically-aligned-center is-layout-flow wp-block-column-is-layout-flow\" style=\"border-style:none;border-width:0px\">\n<p>Hei, Olen Stiina Tuppurainen, oululainen sairaanhoitaja ja teatteriharrastaja. N\u00e4yttelemiseen olen ihastunut jo nuorena. Teatterissa olen tehnyt my\u00f6s tarpeistohommia ja improvisaatiota. Neliapilassa olen nyt mukana ensimm\u00e4ist\u00e4 kertaa. En ehtinyt Sortin sakin roolitustilaisuuteen toisen n\u00e4ytelm\u00e4n harjoitusten vuoksi, mutta halusin kovasti mukaan tekem\u00e4\u00e4n kes\u00e4teatteria Hupisaarille. Kun kuiskaajan paikkaa minulle ehdotettiin, hypp\u00e4sin mukaan projektiin iloisena. T\u00e4ll\u00e4 kertaa kuiskaaja ei olekaan piilossa vaan n\u00e4yttelij\u00f6iden kanssa lavalla.<\/p>\n<\/div>\n<\/div>\n<\/div>\n\n\n\n<div class=\"wp-block-group has-global-padding is-layout-constrained wp-container-core-group-is-layout-26da1475 wp-block-group-is-layout-constrained\" style=\"margin-top:0;margin-bottom:var(--wp--preset--spacing--30);padding-top:0;padding-bottom:0\">\n<div class=\"wp-block-columns alignwide has-border-color has-background is-layout-flex wp-container-core-columns-is-layout-e3868dff wp-block-columns-is-layout-flex\" style=\"border-color:#12121212;border-width:1px;border-radius:10px;background:linear-gradient(180deg,rgb(255,255,255) 22%,rgba(248,255,237,0.84) 100%);padding-top:var(--wp--preset--spacing--30);padding-right:var(--wp--preset--spacing--40);padding-bottom:var(--wp--preset--spacing--30);padding-left:var(--wp--preset--spacing--40)\">\n<div class=\"wp-block-column is-vertically-aligned-top is-layout-flow wp-container-core-column-is-layout-a294c929 wp-block-column-is-layout-flow\" style=\"padding-top:0;padding-right:0;padding-bottom:0;padding-left:0;flex-basis:400px\">\n<figure class=\"wp-block-image size-full is-resized has-custom-border\"><img loading=\"lazy\" decoding=\"async\" width=\"2542\" height=\"2560\" src=\"https:\/\/www.teatterineliapila.fi\/wp-content\/uploads\/2025\/12\/Maija-1-scaled.jpg\" alt=\"\" class=\"wp-image-1066\" style=\"border-radius:10px;object-fit:cover;width:350px;height:350px\" srcset=\"https:\/\/www.teatterineliapila.fi\/wp-content\/uploads\/2025\/12\/Maija-1-scaled.jpg 2542w, https:\/\/www.teatterineliapila.fi\/wp-content\/uploads\/2025\/12\/Maija-1-298x300.jpg 298w, https:\/\/www.teatterineliapila.fi\/wp-content\/uploads\/2025\/12\/Maija-1-1017x1024.jpg 1017w, https:\/\/www.teatterineliapila.fi\/wp-content\/uploads\/2025\/12\/Maija-1-150x150.jpg 150w, https:\/\/www.teatterineliapila.fi\/wp-content\/uploads\/2025\/12\/Maija-1-768x774.jpg 768w, https:\/\/www.teatterineliapila.fi\/wp-content\/uploads\/2025\/12\/Maija-1-1525x1536.jpg 1525w, https:\/\/www.teatterineliapila.fi\/wp-content\/uploads\/2025\/12\/Maija-1-2033x2048.jpg 2033w\" sizes=\"auto, (max-width: 2542px) 100vw, 2542px\" \/><\/figure>\n<\/div>\n\n\n\n<div class=\"wp-block-column is-vertically-aligned-center is-layout-flow wp-block-column-is-layout-flow\" style=\"border-style:none;border-width:0px\">\n<p>Olen Maija Kallinen, syksyn 2025 tuore neliapilalainen. Esiintynyth\u00e4n olen pienen ik\u00e4\u00e4ni: tanhunnut, laulanut kuorossa, n\u00e4ytellyt rooleja Simo Hurtasta Joulupukkiin, Lysistratesta yliopistomme rehtorin ky\u00f6kkipiikaan. Monessa mieless\u00e4 esiintymist\u00e4 on tietysti my\u00f6s ty\u00f6ni yliopistonlehtorina. Nyt oli aika ja tilaisuus tarttua mukaan Neliapilan toimintaan. Onpa ihanaa olla monenlaisen uuden ja mukavan edess\u00e4!&nbsp;<\/p>\n<\/div>\n<\/div>\n\n\n\n<div class=\"wp-block-columns alignwide has-border-color has-background is-layout-flex wp-container-core-columns-is-layout-e3868dff wp-block-columns-is-layout-flex\" style=\"border-color:#12121212;border-width:1px;border-radius:10px;background:linear-gradient(180deg,rgb(255,255,255) 22%,rgba(248,255,237,0.84) 100%);padding-top:var(--wp--preset--spacing--30);padding-right:var(--wp--preset--spacing--40);padding-bottom:var(--wp--preset--spacing--30);padding-left:var(--wp--preset--spacing--40)\">\n<div class=\"wp-block-column is-vertically-aligned-top is-layout-flow wp-container-core-column-is-layout-a294c929 wp-block-column-is-layout-flow\" style=\"padding-top:0;padding-right:0;padding-bottom:0;padding-left:0;flex-basis:400px\">\n<figure class=\"wp-block-image size-full is-resized has-custom-border\"><img loading=\"lazy\" decoding=\"async\" width=\"1628\" height=\"2560\" src=\"https:\/\/www.teatterineliapila.fi\/wp-content\/uploads\/2025\/12\/Henri-scaled.jpg\" alt=\"\" class=\"wp-image-1075\" style=\"border-radius:10px;object-fit:cover;width:350px;height:350px\" srcset=\"https:\/\/www.teatterineliapila.fi\/wp-content\/uploads\/2025\/12\/Henri-scaled.jpg 1628w, https:\/\/www.teatterineliapila.fi\/wp-content\/uploads\/2025\/12\/Henri-191x300.jpg 191w, https:\/\/www.teatterineliapila.fi\/wp-content\/uploads\/2025\/12\/Henri-651x1024.jpg 651w, https:\/\/www.teatterineliapila.fi\/wp-content\/uploads\/2025\/12\/Henri-768x1208.jpg 768w, https:\/\/www.teatterineliapila.fi\/wp-content\/uploads\/2025\/12\/Henri-977x1536.jpg 977w, https:\/\/www.teatterineliapila.fi\/wp-content\/uploads\/2025\/12\/Henri-1302x2048.jpg 1302w\" sizes=\"auto, (max-width: 1628px) 100vw, 1628px\" \/><\/figure>\n<\/div>\n\n\n\n<div class=\"wp-block-column is-vertically-aligned-center is-layout-flow wp-block-column-is-layout-flow\" style=\"border-style:none;border-width:0px\">\n<p>Olen Henri Haukipuro ja aloitin syksyll\u00e4 uutena kasvona Teatteri Neliapilan riveiss\u00e4. Teatteritaustaa minulla on jo katukuvasta poistuneelta Haapaveden Parakkiteatterilta, jossa olin valomiehen\u00e4 vajaan kymmenen vuoden ajan. Jo silloin minulla alkoi kyte\u00e4 ajatus n\u00e4ytt\u00e4m\u00f6lle siirtymisest\u00e4 ja nyt heti 15 vuoden harkinnan j\u00e4lkeen uskalsin ottaa askeleen uuden harrastuksen pariin. Neliapilan mahtavan porukan kanssa treenaaminen on aina viikon kohokohta ja odotan innolla tulevaa kes\u00e4\u00e4 ja esityksi\u00e4.<\/p>\n<\/div>\n<\/div>\n<\/div>\n\n\n\n<div class=\"wp-block-group has-global-padding is-layout-constrained wp-container-core-group-is-layout-26da1475 wp-block-group-is-layout-constrained\" style=\"margin-top:0;margin-bottom:var(--wp--preset--spacing--30);padding-top:0;padding-bottom:0\">\n<div class=\"wp-block-columns alignwide has-border-color has-background is-layout-flex wp-container-core-columns-is-layout-e3868dff wp-block-columns-is-layout-flex\" style=\"border-color:#12121212;border-width:1px;border-radius:10px;background:linear-gradient(180deg,rgb(255,255,255) 22%,rgba(248,255,237,0.84) 100%);padding-top:var(--wp--preset--spacing--30);padding-right:var(--wp--preset--spacing--40);padding-bottom:var(--wp--preset--spacing--30);padding-left:var(--wp--preset--spacing--40)\">\n<div class=\"wp-block-column is-vertically-aligned-top is-layout-flow wp-container-core-column-is-layout-a294c929 wp-block-column-is-layout-flow\" style=\"padding-top:0;padding-right:0;padding-bottom:0;padding-left:0;flex-basis:400px\">\n<figure class=\"wp-block-image size-full is-resized has-custom-border\"><img loading=\"lazy\" decoding=\"async\" width=\"544\" height=\"730\" src=\"https:\/\/www.teatterineliapila.fi\/wp-content\/uploads\/2025\/12\/Eeva-1.jpg\" alt=\"\" class=\"wp-image-1068\" style=\"border-radius:10px;object-fit:cover;width:350px;height:350px\" srcset=\"https:\/\/www.teatterineliapila.fi\/wp-content\/uploads\/2025\/12\/Eeva-1.jpg 544w, https:\/\/www.teatterineliapila.fi\/wp-content\/uploads\/2025\/12\/Eeva-1-224x300.jpg 224w\" sizes=\"auto, (max-width: 544px) 100vw, 544px\" \/><\/figure>\n<\/div>\n\n\n\n<div class=\"wp-block-column is-vertically-aligned-center is-layout-flow wp-block-column-is-layout-flow\" style=\"border-style:none;border-width:0px\">\n<p>Hei, olen Eeva Koskela ja olen ollut mukana teatteri Neliapilassa toiminnassa jo vuodesta 2013. Tulin silloin mukaan pieneen rooliin ja teatterik\u00e4rp\u00e4nen puraisi heti. V\u00e4lill\u00e4 olin vuosia my\u00f6s Kolmiapilan toiminnassa kirjoittamani n\u00e4ytelm\u00e4n kanssa. T\u00e4m\u00e4 ryhm\u00e4 kiert\u00e4\u00e4 viel\u00e4kin palvelukodeissa esitt\u00e4m\u00e4ss\u00e4 teatteria heille, joka eiv\u00e4t muuten p\u00e4\u00e4se teatteriin. Olen ollut mukana Oulu2026- ty\u00f6ryhm\u00e4ss\u00e4 suunnittelemassa ja toteuttamassa kulttuurip\u00e4\u00e4kaupungin tapahtumaa Toripolliisin aikaan, joka esitet\u00e4\u00e4n kes\u00e4kuussa 2026 Hupisaaren kes\u00e4teatterissa.<\/p>\n<\/div>\n<\/div>\n<\/div>\n\n\n\n<div class=\"wp-block-columns alignwide has-border-color has-background is-layout-flex wp-container-core-columns-is-layout-e3868dff wp-block-columns-is-layout-flex\" style=\"border-color:#12121212;border-width:1px;border-radius:10px;background:linear-gradient(180deg,rgb(255,255,255) 22%,rgba(248,255,237,0.84) 100%);padding-top:var(--wp--preset--spacing--30);padding-right:var(--wp--preset--spacing--40);padding-bottom:var(--wp--preset--spacing--30);padding-left:var(--wp--preset--spacing--40)\">\n<div class=\"wp-block-column is-vertically-aligned-top is-layout-flow wp-container-core-column-is-layout-a294c929 wp-block-column-is-layout-flow\" style=\"padding-top:0;padding-right:0;padding-bottom:0;padding-left:0;flex-basis:400px\">\n<figure class=\"wp-block-image size-full is-resized has-custom-border\"><img loading=\"lazy\" decoding=\"async\" width=\"2171\" height=\"2560\" src=\"https:\/\/www.teatterineliapila.fi\/wp-content\/uploads\/2025\/12\/1000014284-scaled.jpg\" alt=\"\" class=\"wp-image-1082\" style=\"border-radius:10px;object-fit:cover;width:350px;height:350px\" srcset=\"https:\/\/www.teatterineliapila.fi\/wp-content\/uploads\/2025\/12\/1000014284-scaled.jpg 2171w, https:\/\/www.teatterineliapila.fi\/wp-content\/uploads\/2025\/12\/1000014284-254x300.jpg 254w, https:\/\/www.teatterineliapila.fi\/wp-content\/uploads\/2025\/12\/1000014284-869x1024.jpg 869w, https:\/\/www.teatterineliapila.fi\/wp-content\/uploads\/2025\/12\/1000014284-768x906.jpg 768w, https:\/\/www.teatterineliapila.fi\/wp-content\/uploads\/2025\/12\/1000014284-1303x1536.jpg 1303w, https:\/\/www.teatterineliapila.fi\/wp-content\/uploads\/2025\/12\/1000014284-1737x2048.jpg 1737w\" sizes=\"auto, (max-width: 2171px) 100vw, 2171px\" \/><\/figure>\n<\/div>\n\n\n\n<div class=\"wp-block-column is-vertically-aligned-center is-layout-flow wp-block-column-is-layout-flow\" style=\"border-style:none;border-width:0px\">\n<p>Olen Helmiina Pirttil\u00e4. Palasin t\u00e4n\u00e4 syksyn\u00e4 teatteriharrastuksen pariin maltillisen 17 vuoden tauon j\u00e4lkeen. J\u00e4rkeilin, ett\u00e4 kukaan ei oikeastaan ole luvannut ett\u00e4 el\u00e4n ruuhkavuosien tuonne puolelle ja voin sitten alkaa harrastamaan kun on aikaa. Ainoa oikea hetki aloittaa on nyt. (Aloitin varmuuden vuoksi my\u00f6s viherkasviharrastuksen, viljelypalstan, kuntosalin, iso\u00e4idinneli\u00f6iden virkkaamisen ja keramiikkapajan.) Neliapilan porukassa on ollut hienoa olla mukana. N\u00e4hd\u00e4\u00e4n Hupisaarilla!<\/p>\n<\/div>\n<\/div>\n\n\n\n<h2 class=\"wp-block-heading\" style=\"margin-top:var(--wp--preset--spacing--40);margin-bottom:var(--wp--preset--spacing--40)\">N\u00e4ytelm\u00e4n ohjaaja:<\/h2>\n\n\n\n<div class=\"wp-block-columns alignwide has-border-color has-background is-layout-flex wp-container-core-columns-is-layout-e3868dff wp-block-columns-is-layout-flex\" style=\"border-color:#12121212;border-width:1px;border-radius:10px;background:linear-gradient(180deg,rgb(255,255,255) 22%,rgba(248,255,237,0.84) 100%);padding-top:var(--wp--preset--spacing--30);padding-right:var(--wp--preset--spacing--40);padding-bottom:var(--wp--preset--spacing--30);padding-left:var(--wp--preset--spacing--40)\">\n<div class=\"wp-block-column is-vertically-aligned-top is-layout-flow wp-container-core-column-is-layout-a294c929 wp-block-column-is-layout-flow\" style=\"padding-top:0;padding-right:0;padding-bottom:0;padding-left:0;flex-basis:400px\">\n<h4 class=\"wp-block-heading has-contrast-color has-text-color has-link-color wp-elements-59d091dbbdd7b6605ee32ef0e13244e0\" style=\"margin-top:var(--wp--preset--spacing--20);margin-bottom:var(--wp--preset--spacing--20)\">P\u00e4ivi Kangasniemi<\/h4>\n<\/div>\n\n\n\n<div class=\"wp-block-column is-vertically-aligned-center is-layout-flow wp-block-column-is-layout-flow\" style=\"border-style:none;border-width:0px\">\n<p>Sanna-Maija Karjalainen<\/p>\n<\/div>\n<\/div>\n\n\n\n<h2 class=\"wp-block-heading\" style=\"margin-top:var(--wp--preset--spacing--40);margin-bottom:var(--wp--preset--spacing--40)\">N\u00e4ytelm\u00e4n taustalla vaikuttavat henkil\u00f6t ja Oulu 2026 -ty\u00f6ryhm\u00e4:<\/h2>\n\n\n\n<div class=\"wp-block-group has-global-padding is-layout-constrained wp-container-core-group-is-layout-26da1475 wp-block-group-is-layout-constrained\" style=\"margin-top:0;margin-bottom:var(--wp--preset--spacing--30);padding-top:0;padding-bottom:0\">\n<div class=\"wp-block-columns alignwide has-border-color has-background is-layout-flex wp-container-core-columns-is-layout-e3868dff wp-block-columns-is-layout-flex\" style=\"border-color:#12121212;border-width:1px;border-radius:10px;background:linear-gradient(180deg,rgb(255,255,255) 22%,rgba(248,255,237,0.84) 100%);padding-top:var(--wp--preset--spacing--30);padding-right:var(--wp--preset--spacing--40);padding-bottom:var(--wp--preset--spacing--30);padding-left:var(--wp--preset--spacing--40)\">\n<div class=\"wp-block-column is-vertically-aligned-top is-layout-flow wp-container-core-column-is-layout-a294c929 wp-block-column-is-layout-flow\" style=\"padding-top:0;padding-right:0;padding-bottom:0;padding-left:0;flex-basis:400px\">\n<figure class=\"wp-block-image size-full is-resized has-custom-border\"><img loading=\"lazy\" decoding=\"async\" width=\"313\" height=\"281\" src=\"http:\/\/www.teatterineliapila.fi\/wp-content\/uploads\/2025\/05\/pirjo-haurinen.jpg\" alt=\"\" class=\"wp-image-958\" style=\"border-radius:10px;object-fit:cover;width:350px;height:350px\" srcset=\"https:\/\/www.teatterineliapila.fi\/wp-content\/uploads\/2025\/05\/pirjo-haurinen.jpg 313w, https:\/\/www.teatterineliapila.fi\/wp-content\/uploads\/2025\/05\/pirjo-haurinen-300x269.jpg 300w\" sizes=\"auto, (max-width: 313px) 100vw, 313px\" \/><\/figure>\n<\/div>\n\n\n\n<div class=\"wp-block-column is-vertically-aligned-center is-layout-flow wp-block-column-is-layout-flow\" style=\"border-style:none;border-width:0px\">\n<p>\u200bOlen Pirjo Haurinen. Teatteri Neliapilaan tulin mukaan Mummonm\u00f6kki-n\u00e4ytelm\u00e4\u00e4n v. 2023. Olen ollut Raahen teatterin toiminnoissa mukana muutaman vuoden. Maalailen tauluja ja ohjaan kuvataideleirej\u00e4.&nbsp;<\/p>\n<\/div>\n<\/div>\n<\/div>\n\n\n\n<div class=\"wp-block-group has-global-padding is-layout-constrained wp-container-core-group-is-layout-26da1475 wp-block-group-is-layout-constrained\" style=\"margin-top:0;margin-bottom:var(--wp--preset--spacing--30);padding-top:0;padding-bottom:0\">\n<div class=\"wp-block-columns alignwide has-border-color has-background is-layout-flex wp-container-core-columns-is-layout-e3868dff wp-block-columns-is-layout-flex\" style=\"border-color:#12121212;border-width:1px;border-radius:10px;background:linear-gradient(180deg,rgb(255,255,255) 22%,rgba(248,255,237,0.84) 100%);padding-top:var(--wp--preset--spacing--30);padding-right:var(--wp--preset--spacing--40);padding-bottom:var(--wp--preset--spacing--30);padding-left:var(--wp--preset--spacing--40)\">\n<div class=\"wp-block-column is-vertically-aligned-top is-layout-flow wp-container-core-column-is-layout-a294c929 wp-block-column-is-layout-flow\" style=\"padding-top:0;padding-right:0;padding-bottom:0;padding-left:0;flex-basis:400px\">\n<figure class=\"wp-block-image size-full is-resized has-custom-border\"><img loading=\"lazy\" decoding=\"async\" width=\"325\" height=\"439\" src=\"http:\/\/www.teatterineliapila.fi\/wp-content\/uploads\/2025\/05\/martti.jpg\" alt=\"\" class=\"wp-image-959\" style=\"border-radius:10px;object-fit:cover;width:350px;height:350px\" srcset=\"https:\/\/www.teatterineliapila.fi\/wp-content\/uploads\/2025\/05\/martti.jpg 325w, https:\/\/www.teatterineliapila.fi\/wp-content\/uploads\/2025\/05\/martti-222x300.jpg 222w\" sizes=\"auto, (max-width: 325px) 100vw, 325px\" \/><\/figure>\n<\/div>\n\n\n\n<div class=\"wp-block-column is-vertically-aligned-center is-layout-flow wp-block-column-is-layout-flow\" style=\"border-style:none;border-width:0px\">\n<p>\u200bOlen Martti Valkonen ja olin aiemmin mukana Raahen Teatterissa. Muutettuamme takaisin Ouluun, tuntui mukavalta ajatukselta liitty\u00e4 Teatteri Neliapilaan, miss\u00e4 hyv\u00e4 porukka ja mukava meininki. Taidemaalaus on vahvasti el\u00e4m\u00e4ss\u00e4ni. Harrastukset luonto, mets\u00e4stys ja kalastus, musiikki ja kamppailulajit.<\/p>\n<\/div>\n<\/div>\n<\/div>\n\n\n\n<div class=\"wp-block-group has-global-padding is-layout-constrained wp-container-core-group-is-layout-26da1475 wp-block-group-is-layout-constrained\" style=\"margin-top:0;margin-bottom:var(--wp--preset--spacing--30);padding-top:0;padding-bottom:0\">\n<div class=\"wp-block-columns alignwide has-border-color has-background is-layout-flex wp-container-core-columns-is-layout-e3868dff wp-block-columns-is-layout-flex\" style=\"border-color:#12121212;border-width:1px;border-radius:10px;background:linear-gradient(180deg,rgb(255,255,255) 22%,rgba(248,255,237,0.84) 100%);padding-top:var(--wp--preset--spacing--30);padding-right:var(--wp--preset--spacing--40);padding-bottom:var(--wp--preset--spacing--30);padding-left:var(--wp--preset--spacing--40)\">\n<div class=\"wp-block-column is-vertically-aligned-top is-layout-flow wp-container-core-column-is-layout-a294c929 wp-block-column-is-layout-flow\" style=\"padding-top:0;padding-right:0;padding-bottom:0;padding-left:0;flex-basis:400px\">\n<figure class=\"wp-block-image size-full is-resized has-custom-border\"><img loading=\"lazy\" decoding=\"async\" width=\"323\" height=\"538\" src=\"http:\/\/www.teatterineliapila.fi\/wp-content\/uploads\/2025\/05\/mie2.jpg\" alt=\"\" class=\"wp-image-961\" style=\"border-radius:10px;object-fit:cover;width:350px;height:550px\" srcset=\"https:\/\/www.teatterineliapila.fi\/wp-content\/uploads\/2025\/05\/mie2.jpg 323w, https:\/\/www.teatterineliapila.fi\/wp-content\/uploads\/2025\/05\/mie2-180x300.jpg 180w\" sizes=\"auto, (max-width: 323px) 100vw, 323px\" \/><\/figure>\n<\/div>\n\n\n\n<div class=\"wp-block-column is-vertically-aligned-center is-layout-flow wp-block-column-is-layout-flow\" style=\"border-style:none;border-width:0px\">\n<p>Olen Taina Kylm\u00e4nen. Tarinoitten maailma on mulle t\u00e4rke\u00e4. Rakastan tarinoita, tekstej\u00e4, kirijallisuutta, teatteria. Mulla on mm. draamapedagogin ja kirijoittamisen ohojaajan koulutus. Teatteri on kaikin puolin makia juttu. Olen aktiivinen teatterin kuluttaja. Olen esiintynyt muutamassa harrastajateatteriesityksess\u00e4. Teatteri Neliapilassa puuhailen taustaporukoissa ja tykk\u00e4\u00e4n sekkaantua kaikkiin mahollisiin asioihin. T\u00e4ll\u00e4 hetkell\u00e4 olen hallituksessa varapuheenjohtajana.<\/p>\n<\/div>\n<\/div>\n\n\n\n<div class=\"wp-block-columns alignwide has-border-color has-background is-layout-flex wp-container-core-columns-is-layout-e3868dff wp-block-columns-is-layout-flex\" style=\"border-color:#12121212;border-width:1px;border-radius:10px;background:linear-gradient(180deg,rgb(255,255,255) 22%,rgba(248,255,237,0.84) 100%);padding-top:var(--wp--preset--spacing--30);padding-right:var(--wp--preset--spacing--40);padding-bottom:var(--wp--preset--spacing--30);padding-left:var(--wp--preset--spacing--40)\">\n<div class=\"wp-block-column is-vertically-aligned-top is-layout-flow wp-container-core-column-is-layout-a294c929 wp-block-column-is-layout-flow\" style=\"padding-top:0;padding-right:0;padding-bottom:0;padding-left:0;flex-basis:400px\">\n<figure class=\"wp-block-image size-full is-resized has-custom-border\"><img loading=\"lazy\" decoding=\"async\" width=\"1765\" height=\"1764\" src=\"https:\/\/www.teatterineliapila.fi\/wp-content\/uploads\/2025\/12\/Raija.jpg\" alt=\"\" class=\"wp-image-1073\" style=\"border-radius:10px;object-fit:cover;width:350px;height:550px\" srcset=\"https:\/\/www.teatterineliapila.fi\/wp-content\/uploads\/2025\/12\/Raija.jpg 1765w, https:\/\/www.teatterineliapila.fi\/wp-content\/uploads\/2025\/12\/Raija-300x300.jpg 300w, https:\/\/www.teatterineliapila.fi\/wp-content\/uploads\/2025\/12\/Raija-1024x1024.jpg 1024w, https:\/\/www.teatterineliapila.fi\/wp-content\/uploads\/2025\/12\/Raija-150x150.jpg 150w, https:\/\/www.teatterineliapila.fi\/wp-content\/uploads\/2025\/12\/Raija-768x768.jpg 768w, https:\/\/www.teatterineliapila.fi\/wp-content\/uploads\/2025\/12\/Raija-1536x1536.jpg 1536w\" sizes=\"auto, (max-width: 1765px) 100vw, 1765px\" \/><\/figure>\n<\/div>\n\n\n\n<div class=\"wp-block-column is-vertically-aligned-center is-layout-flow wp-block-column-is-layout-flow\" style=\"border-style:none;border-width:0px\">\n<p>Olen Raija Ainasoja ja ollut mukana Teatteri Neliapilassa vuodesta 2014 erilaisissa teht\u00e4viss\u00e4 ja rooleissa, n\u00e4ytt\u00e4m\u00f6ll\u00e4 tai taustalla. Nyt Oulu2026-produktiossa toista vuotta valmistelemassa juhlavuoden laulun\u00e4ytelm\u00e4\u00e4mme, Toripolliisin aikaan, ja kuulumistamme osana Euroopan kulttuurip\u00e4\u00e4kaupunkia. Mielenkiintoinen vuosi tulossa. Mukana my\u00f6s Kolmiapilassa.<\/p>\n<\/div>\n<\/div>\n<\/div>\n","protected":false},"excerpt":{"rendered":"<p>Me neliapilalaiset Olen Teatteri Neliapilan perustajaj\u00e4sen Erkki Suvanto. Neliapila perustettiin vuonna 1991.Neliapilan ensimm\u00e4inen n\u00e4ytelm\u00e4 oli Teuvo Pakkalan Tukkijoki. K\u00e4vimme esitt\u00e4m\u00e4ss\u00e4 n\u00e4ytelm\u00e4\u00e4&nbsp;mm. Australiassa, suomalaisten vieraana. Tukkijoki-n\u00e4ytelm\u00e4ss\u00e4 olin Tolarin roolissa.Kaikkiaan olen esiintynyt Teatteri Neliapilassa 15 n\u00e4ytelm\u00e4ss\u00e4. Suurimpia rooleja on ollut n\u00e4ytelmiss\u00e4 Tervaporvarin Piiput, Kahdet&nbsp;Tanssiaiset, Evakkon\u00e4ytelm\u00e4 \u201dVieraasmaailmas\u201d ja&nbsp;Laulun\u00e4ytelm\u00e4 Talkootanssit. Aikaisemin olen toiminut K\u00e4rs\u00e4m\u00e4en Nuorisoseurassa, puheenjohtajana, kansantanhuissa ja n\u00e4ytelmiss\u00e4. [&hellip;]<\/p>\n","protected":false},"author":1,"featured_media":0,"parent":0,"menu_order":0,"comment_status":"closed","ping_status":"closed","template":"","meta":{"footnotes":""},"class_list":["post-540","page","type-page","status-publish","hentry"],"_links":{"self":[{"href":"https:\/\/www.teatterineliapila.fi\/index.php\/wp-json\/wp\/v2\/pages\/540","targetHints":{"allow":["GET"]}}],"collection":[{"href":"https:\/\/www.teatterineliapila.fi\/index.php\/wp-json\/wp\/v2\/pages"}],"about":[{"href":"https:\/\/www.teatterineliapila.fi\/index.php\/wp-json\/wp\/v2\/types\/page"}],"author":[{"embeddable":true,"href":"https:\/\/www.teatterineliapila.fi\/index.php\/wp-json\/wp\/v2\/users\/1"}],"replies":[{"embeddable":true,"href":"https:\/\/www.teatterineliapila.fi\/index.php\/wp-json\/wp\/v2\/comments?post=540"}],"version-history":[{"count":135,"href":"https:\/\/www.teatterineliapila.fi\/index.php\/wp-json\/wp\/v2\/pages\/540\/revisions"}],"predecessor-version":[{"id":1119,"href":"https:\/\/www.teatterineliapila.fi\/index.php\/wp-json\/wp\/v2\/pages\/540\/revisions\/1119"}],"wp:attachment":[{"href":"https:\/\/www.teatterineliapila.fi\/index.php\/wp-json\/wp\/v2\/media?parent=540"}],"curies":[{"name":"wp","href":"https:\/\/api.w.org\/{rel}","templated":true}]}}